{"id":934,"date":"2023-08-10T12:45:19","date_gmt":"2023-08-10T10:45:19","guid":{"rendered":"https:\/\/neukoellner-clio.de\/?page_id=934"},"modified":"2023-08-10T21:38:10","modified_gmt":"2023-08-10T19:38:10","slug":"friedhoefe","status":"publish","type":"page","link":"https:\/\/neukoellner-clio.de\/?page_id=934","title":{"rendered":"Friedh\u00f6fe"},"content":{"rendered":"\n<p>Neuk\u00f6lln besitzt Friedh\u00f6fe, die einen zeitlichen L\u00e4ngsschnitt aus dem Mittelalter bis in die Jetztzeit bilden. Strenggenommen beginnt die Zeitreihe bereits in der Steinzeit. Da aber nur einzelne Urnen und Scherben erhalten sind und die \u00d6rtlichkeiten l\u00e4ngst \u00fcberbaut sind, beschr\u00e4nken wir uns auf die erhaltenen Orte.<\/p>\n\n\n\n<p>An dieser Stelle werden die einzelnen Friedh\u00f6fe dargestellt. <\/p>\n\n\n\n<p><\/p>\n\n\n\n<hr class=\"wp-block-separator has-alpha-channel-opacity\"\/>\n\n\n\n<h4 class=\"wp-block-heading has-medium-font-size\">10. Garnisonfriedhof am Columbiadamm<\/h4>\n\n\n\n<p>Der Garnisonfriedhof ist einer der \u00e4ltesten Friedh\u00f6fe oder Begr\u00e4bnisst\u00e4tte Neuk\u00f6llns. 1813 wurden in einem Massengrab ca. 2.400 Menschen beerdigt. Sie starben an den Verletzungen, die sie in den K\u00e4mpfen gegen die franz\u00f6sische Besatzung erlitten. Lesen Sie hier: <a rel=\"noreferrer noopener\" href=\"https:\/\/neukoellner-clio.de\/wp-content\/uploads\/2023\/08\/Garnisonfriedhof-v1.pdf\" target=\"_blank\">Garnisonfriedhof &#8211; Friedhofscluster<\/a><\/p>\n\n\n\n<h4 class=\"wp-block-heading\">11. Der vergessene Friedhof vom Wildmeisterdamm<\/h4>\n\n\n\n<p>1945 wurde ein Notfriedhof am Wildmeisterdamm angelegt. Gegen\u00fcber dem heutigen Campus Efeuweg gelegen, wurden Kriegsopfer bestattet. Aufgel\u00f6st wurde er mit dem Bau der Gropiusstadt. Lesen Sie hier: <a href=\"https:\/\/neukoellner-clio.de\/wp-content\/uploads\/2023\/08\/Notfriedhof-v3-Aufsatz.pdf\" target=\"_blank\" rel=\"noreferrer noopener\">Der vergessene Friedhof am Wildmeisterdamm<\/a><\/p>\n\n\n\n<h4 class=\"wp-block-heading\">12. Ein j\u00fcdischer Friedhof in Neuk\u00f6lln<\/h4>\n\n\n\n<p>In Buckow gab es einen Plan einen j\u00fcdischen Friedhof anzulegen. Die Berliner j\u00fcdische Gemeinde suchte Anfang des 20. Jahrhunderts ein Gel\u00e4nde als Friedhof. Lesen Sie hier: <a href=\"https:\/\/neukoellner-clio.de\/wp-content\/uploads\/2023\/08\/FH-jued-Buckow-v1.pdf\" target=\"_blank\" rel=\"noreferrer noopener\">Der geplante j\u00fcdische Friedhof in Buckow<\/a><\/p>\n","protected":false},"excerpt":{"rendered":"<p>Neuk\u00f6lln besitzt Friedh\u00f6fe, die einen zeitlichen L\u00e4ngsschnitt aus dem Mittelalter bis in die Jetztzeit bilden. Strenggenommen beginnt die Zeitreihe bereits in der Steinzeit. Da aber nur einzelne Urnen und Scherben erhalten sind und die \u00d6rtlichkeiten l\u00e4ngst \u00fcberbaut sind, beschr\u00e4nken wir uns auf die erhaltenen Orte. An dieser Stelle werden die einzelnen Friedh\u00f6fe dargestellt. 10. Garnisonfriedhof &hellip; <a href=\"https:\/\/neukoellner-clio.de\/?page_id=934\" class=\"more-link\"><span class=\"screen-reader-text\">Friedh\u00f6fe<\/span> weiterlesen<\/a><\/p>\n","protected":false},"author":1,"featured_media":0,"parent":0,"menu_order":0,"comment_status":"closed","ping_status":"closed","template":"","meta":{"ngg_post_thumbnail":0,"footnotes":""},"class_list":["post-934","page","type-page","status-publish","hentry"],"featured_image_src":null,"featured_image_src_square":null,"_links":{"self":[{"href":"https:\/\/neukoellner-clio.de\/index.php?rest_route=\/wp\/v2\/pages\/934","targetHints":{"allow":["GET"]}}],"collection":[{"href":"https:\/\/neukoellner-clio.de\/index.php?rest_route=\/wp\/v2\/pages"}],"about":[{"href":"https:\/\/neukoellner-clio.de\/index.php?rest_route=\/wp\/v2\/types\/page"}],"author":[{"embeddable":true,"href":"https:\/\/neukoellner-clio.de\/index.php?rest_route=\/wp\/v2\/users\/1"}],"replies":[{"embeddable":true,"href":"https:\/\/neukoellner-clio.de\/index.php?rest_route=%2Fwp%2Fv2%2Fcomments&post=934"}],"version-history":[{"count":7,"href":"https:\/\/neukoellner-clio.de\/index.php?rest_route=\/wp\/v2\/pages\/934\/revisions"}],"predecessor-version":[{"id":947,"href":"https:\/\/neukoellner-clio.de\/index.php?rest_route=\/wp\/v2\/pages\/934\/revisions\/947"}],"wp:attachment":[{"href":"https:\/\/neukoellner-clio.de\/index.php?rest_route=%2Fwp%2Fv2%2Fmedia&parent=934"}],"curies":[{"name":"wp","href":"https:\/\/api.w.org\/{rel}","templated":true}]}}